{"id":13803,"date":"2026-08-31T10:28:17","date_gmt":"2026-08-31T14:28:17","guid":{"rendered":"https:\/\/fiamtl.com\/reconnaissance-et-engagement\/recipient-2026\/"},"modified":"2026-08-31T10:36:01","modified_gmt":"2026-08-31T14:36:01","slug":"recipiendaire-2026","status":"publish","type":"page","link":"https:\/\/fiamtl.com\/fr\/reconnaissance-et-engagement\/recipiendaire-2026\/","title":{"rendered":"R\u00e9cipiendaire 2026"},"content":{"rendered":"<section class=\"wpb-content-wrapper\"><p>[vc_row][vc_column][vc_custom_heading text=\u00a0\u00bbR\u00e9cipiendaire 2026&Prime; font_container=\u00a0\u00bbtag:h3|text_align:left|color:%230054c6&Prime; use_theme_fonts=\u00a0\u00bbyes\u00a0\u00bb css=\u00a0\u00bb.vc_custom_1788186554385{margin-top: 15px !important;margin-bottom: 30px !important;}\u00a0\u00bb][\/vc_column][\/vc_row][vc_row equal_height=\u00a0\u00bbyes\u00a0\u00bb overlay_dotted=\u00a0\u00bb\u00a0\u00bb][vc_column width=\u00a0\u00bb1\/3&Prime;][vc_custom_heading text=\u00a0\u00bbHind Abdo, CFA, re\u00e7oit le prix honorifique du FIAM Montr\u00e9al pour son impact au sein de la communaut\u00e9 financi\u00e8re\u00a0\u00bb font_container=\u00a0\u00bbtag:h4|text_align:left\u00a0\u00bb use_theme_fonts=\u00a0\u00bbyes\u00a0\u00bb][vc_row_inner][vc_column_inner width=\u00a0\u00bb1\/2&Prime; offset=\u00a0\u00bbvc_col-md-6 vc_col-xs-6&Prime;][vc_single_image image=\u00a0\u00bb13725&Prime; img_size=\u00a0\u00bbfull\u00a0\u00bb style=\u00a0\u00bbvc_box_rounded\u00a0\u00bb][\/vc_column_inner][vc_column_inner width=\u00a0\u00bb1\/2&Prime; offset=\u00a0\u00bbvc_col-md-6 vc_col-xs-6&Prime;][vc_single_image image=\u00a0\u00bb13801&Prime; img_size=\u00a0\u00bbfull\u00a0\u00bb style=\u00a0\u00bbvc_box_rounded\u00a0\u00bb][\/vc_column_inner][\/vc_row_inner][vc_row_inner css=\u00a0\u00bb.vc_custom_1718380895539{margin-bottom: 35px !important;}\u00a0\u00bb][vc_column_inner][vc_custom_heading text=\u00a0\u00bbHind Abdo\u00a0\u00bb font_container=\u00a0\u00bbtag:h5|text_align:left|color:%23505050&Prime; use_theme_fonts=\u00a0\u00bbyes\u00a0\u00bb][vc_custom_heading text=\u00a0\u00bbConsultante principale, Facultas-Risques Services Conseils Inc.\u00a0\u00bb font_container=\u00a0\u00bbtag:p|text_align:left|color:%23505050&Prime; use_theme_fonts=\u00a0\u00bbyes\u00a0\u00bb el_class=\u00a0\u00bbcaption\u00a0\u00bb][\/vc_column_inner][\/vc_row_inner][\/vc_column][vc_column width=\u00a0\u00bb2\/3&Prime;][vc_column_text el_class=\u00a0\u00bbfs-14&Prime;]Le prix honorifique du FIAM Montr\u00e9al, d\u00e9cern\u00e9 en collaboration avec CFA Montr\u00e9al, souligne chaque ann\u00e9e l&rsquo;engagement exceptionnel d&rsquo;une femme qui contribue au rayonnement de la profession, exerce un leadership inspirant et soutient activement la rel\u00e8ve f\u00e9minine. Cette ann\u00e9e, cet honneur revient \u00e0 Hind Abdo, CFA.<\/p>\n<p>&nbsp;<\/p>\n<p>Pour celles et ceux qui la c\u00f4toient, cette reconnaissance est tout \u00e0 fait naturelle.<\/p>\n<p>Depuis plus de 17 ans, Hind, fondatrice et consultante principale chez Facultas \u2013 Risques Services Conseils, met son expertise en gestion des risques, en gouvernance et en finance durable au service des organisations o\u00f9 elle \u00e9volue. Mais au-del\u00e0 de son parcours professionnel, c&rsquo;est surtout sa volont\u00e9 constante de partager ses connaissances, d&rsquo;am\u00e9liorer les pratiques et d&rsquo;accompagner les autres qui distingue ses contributions.<\/p>\n<p>&nbsp;<\/p>\n<p>Son parcours en t\u00e9moigne. D\u00e9tentrice du titre CFA et de nombreuses autres certifications professionnelles, elle poursuit sans cesse son d\u00e9veloppement professionnel afin de demeurer \u00e0 l&rsquo;avant-garde de sa profession. Cette m\u00eame rigueur se refl\u00e8te dans chacune de ses implications b\u00e9n\u00e9voles, o\u00f9 elle contribue \u00e0 b\u00e2tir des organisations plus solides et \u00e0 soutenir le d\u00e9veloppement des personnes qui les composent.<\/p>\n<p><strong>Une contribution durable \u00e0 CFA Montr\u00e9al<\/strong><\/p>\n<p>B\u00e9n\u00e9vole aupr\u00e8s de CFA Montr\u00e9al depuis 2023, Hind s&rsquo;est d&rsquo;abord jointe au comit\u00e9 de programmation de l&rsquo;\u00e9v\u00e9nement Innovation en finance, avant d&rsquo;\u00eatre \u00e9lue au conseil d&rsquo;administration et de si\u00e9ger au comit\u00e9 d&rsquo;audit et de gestion des risques.<\/p>\n<p>Dans ce r\u00f4le, elle a notamment pilot\u00e9 l&rsquo;\u00e9laboration d&rsquo;outils structurants, dont un guide de gestion financi\u00e8re et de contr\u00f4les, un guide d&rsquo;auto\u00e9valuation des risques ainsi qu&rsquo;une politique de gestion des r\u00e9serves. Ces r\u00e9alisations contribuent aujourd&rsquo;hui \u00e0 renforcer la gouvernance de l&rsquo;association.<\/p>\n<p><strong>Une expertise mise au service des autres<\/strong><\/p>\n<p>Pour Hind, le b\u00e9n\u00e9volat est le prolongement naturel de ses valeurs humaines et de son d\u00e9sir de contribuer au d\u00e9veloppement des femmes en finance ainsi qu&rsquo;au renforcement des organisations.<\/p>\n<p>Au fil des ann\u00e9es, elle a accompagn\u00e9 de nombreuses femmes dans leurs carri\u00e8res, les guidant dans leur d\u00e9veloppement professionnel et leur leadership. Plusieurs de ces relations de mentorat se sont d&rsquo;ailleurs poursuivies bien au-del\u00e0 du contexte professionnel.<\/p>\n<p>Son d\u00e9sir de redonner se manifeste \u00e9galement par son implication aupr\u00e8s de la Fondation du C\u00e9gep de Rosemont, o\u00f9 elle met son expertise au service de la r\u00e9ussite de la rel\u00e8ve \u00e9tudiante, ainsi que par sa participation \u00e0 diverses initiatives d&rsquo;inclusion et de bienfaisance. Elle a notamment contribu\u00e9 aux travaux du Conseil sur l\u2019\u00c9ID (\u00e9quit\u00e9, inclusion et diversit\u00e9), d&rsquo;Investissements PSP, au sein du Groupe d&rsquo;affinit\u00e9 autochtone. Elle a \u00e9galement pris part aux campagnes de Centraide et du gouvernement du Canada, t\u00e9moignant d&rsquo;une volont\u00e9 constante de favoriser l&rsquo;inclusion, de soutenir les communaut\u00e9s et de contribuer \u00e0 l\u2019avancement de la profession.<\/p>\n<p>\u00abCette reconnaissance me touche profond\u00e9ment. Tout au long de mon parcours, j&rsquo;ai eu le privil\u00e8ge de c\u00f4toyer des personnes qui ont g\u00e9n\u00e9reusement partag\u00e9 leurs connaissances et qui m&rsquo;ont fait confiance. Cette distinction me rappelle l&rsquo;importance de redonner \u00e0 son tour, en mettant son expertise au service des autres: des organisations, de la rel\u00e8ve et de mes pairs.\u00bb, a soulign\u00e9 Hind Abdo.<\/p>\n<p><strong>Une reconnaissance \u00e0 la hauteur de son leadership <\/strong><\/p>\n<p>En lui remettant ce prix, d\u00e9cern\u00e9 en collaboration avec CFA Montr\u00e9al \u00e0 l&rsquo;occasion du M\u00e9choui annuel du FIAM Montr\u00e9al, nos deux organisations rendent hommage \u00e0 une femme d&rsquo;exception qui met son expertise et son temps au service de la profession, tout en contribuant activement \u00e0 l&rsquo;avancement des femmes dans l&rsquo;industrie financi\u00e8re.<\/p>\n<p><strong>\u00ab<\/strong>Nombreux sont celles et ceux qui peuvent t\u00e9moigner de l\u2019apport d\u2019Hind \u00e0 leur carri\u00e8re ou \u00e0 leur organisation. Elle incarne un mod\u00e8le d\u2019engagement au sein de notre communaut\u00e9 financi\u00e8re, et nous sommes tr\u00e8s fiers de souligner des r\u00e9alisations qui ont un impact concret sur la progression et le rayonnement des femmes en finance. FIAM est d\u2019autant plus heureux de cette reconnaissance que les qualit\u00e9s qu\u2019elle vient souligner rejoignent l\u2019esprit qui nous a inspir\u00e9 la cr\u00e9ation du Cercle FemAI: un espace neutre, bienveillant et sans hi\u00e9rarchie, o\u00f9 l\u2019exp\u00e9rience, le leadership et l\u2019engagement d\u2019Hind trouvent naturellement leur place au service d\u2019une ambition collective. Toutes nos f\u00e9licitations \u00e0 Hind Abdo, CFA, pour cette reconnaissance pleinement m\u00e9rit\u00e9e\u00bb, a d\u00e9clar\u00e9 Claude Perron, pr\u00e9sident du FIAM Montr\u00e9al.[\/vc_column_text][\/vc_column][\/vc_row]<\/p>\n<\/section>","protected":false},"excerpt":{"rendered":"[vc_row][vc_column][vc_custom_heading text=\u00a0\u00bbR\u00e9cipiendaire 2026&Prime; font_container=\u00a0\u00bbtag:h3|text_align:left|color:%230054c6&Prime; use_theme_fonts=\u00a0\u00bbyes\u00a0\u00bb css=\u00a0\u00bb.vc_custom_1788186554385{margin-top: 15px !important;margin-bottom: 30px !important;}\u00a0\u00bb][\/vc_column][\/vc_row][vc_row equal_height=\u00a0\u00bbyes\u00a0\u00bb overlay_dotted=\u00a0\u00bb\u00a0\u00bb][vc_column width=\u00a0\u00bb1\/3&Prime;][vc_custom_heading text=\u00a0\u00bbHind Abdo, CFA, re\u00e7oit le prix honorifique du FIAM Montr\u00e9al pour son impact au sein de la [&#8230;]","protected":false},"author":1,"featured_media":0,"parent":6734,"menu_order":0,"comment_status":"closed","ping_status":"closed","template":"","meta":{"_eb_attr":"","footnotes":""},"class_list":["post-13803","page","type-page","status-publish","hentry"],"_links":{"self":[{"href":"https:\/\/fiamtl.com\/fr\/wp-json\/wp\/v2\/pages\/13803","targetHints":{"allow":["GET"]}}],"collection":[{"href":"https:\/\/fiamtl.com\/fr\/wp-json\/wp\/v2\/pages"}],"about":[{"href":"https:\/\/fiamtl.com\/fr\/wp-json\/wp\/v2\/types\/page"}],"author":[{"embeddable":true,"href":"https:\/\/fiamtl.com\/fr\/wp-json\/wp\/v2\/users\/1"}],"replies":[{"embeddable":true,"href":"https:\/\/fiamtl.com\/fr\/wp-json\/wp\/v2\/comments?post=13803"}],"version-history":[{"count":4,"href":"https:\/\/fiamtl.com\/fr\/wp-json\/wp\/v2\/pages\/13803\/revisions"}],"predecessor-version":[{"id":13813,"href":"https:\/\/fiamtl.com\/fr\/wp-json\/wp\/v2\/pages\/13803\/revisions\/13813"}],"up":[{"embeddable":true,"href":"https:\/\/fiamtl.com\/fr\/wp-json\/wp\/v2\/pages\/6734"}],"wp:attachment":[{"href":"https:\/\/fiamtl.com\/fr\/wp-json\/wp\/v2\/media?parent=13803"}],"curies":[{"name":"wp","href":"https:\/\/api.w.org\/{rel}","templated":true}]}}